{"id":3560,"date":"2017-11-08T20:08:22","date_gmt":"2017-11-08T18:08:22","guid":{"rendered":"http:\/\/www.jeunes-urbanistes.fr\/?page_id=3560"},"modified":"2024-03-17T13:24:55","modified_gmt":"2024-03-17T11:24:55","slug":"instances-nationales","status":"publish","type":"page","link":"http:\/\/www.jeunes-urbanistes.fr\/?page_id=3560","title":{"rendered":"instances nationales"},"content":{"rendered":"<p>Les instances nationales du CNJU sont pilot\u00e9es par le conseil d&rsquo;administration. Les travaux des instances nationales s&rsquo;organisent au sein des commissions de l&rsquo;association.<\/p>\n<p>&nbsp;<\/p>\n<p><strong>LE CONSEIL D\u2019ADMINISTRATION<\/strong><\/p>\n<p>Le conseil d\u2019administration du CNJU est compos\u00e9 de 26 membres au maximum.<\/p>\n<p>Si\u00e8gent au conseil d\u2019administration :<\/p>\n<ul>\n<li>les membres du bureau ex\u00e9cutif ;<\/li>\n<li>les membres d\u00e9sign\u00e9s par les associations adh\u00e9rentes ;<\/li>\n<li>et un ou plusieurs membres du CNJU \u00e9lus par les adh\u00e9rents \u00e0 titre individuel.<\/li>\n<\/ul>\n<p>Le bureau ex\u00e9cutif impulse et met en \u0153uvre les orientations strat\u00e9giques de l\u2019association valid\u00e9es par le Conseil d\u2019administration.<\/p>\n<p>Les membres du bureau ex\u00e9cutif sont \u00e9lus par l\u2019Assembl\u00e9e g\u00e9n\u00e9rale du CNJU qui est compos\u00e9e des personnes physiques membres du collectif.<\/p>\n<p>Chaque ann\u00e9e, l\u2019Assembl\u00e9e g\u00e9n\u00e9rale de l\u2019association d\u00e9lib\u00e8re sur la mise en place des commissions de travail de l\u2019association en fonction des priorit\u00e9s du mandat act\u00e9es lors du d\u00e9bat d\u2019orientation g\u00e9n\u00e9ral. Les attributions et la feuille de route de ces commissions sont fix\u00e9es par le conseil d\u2019administration du CNJU.<\/p>\n<p><strong>Les membres du conseil d\u2019administration<\/strong><\/p>\n<p><em>Membres du bureau ex\u00e9cutif<\/em> :<\/p>\n<p><b>Hugo R\u00c9VEILLAC<\/b>, pr\u00e9sident du CNJU<\/p>\n<p><strong>Pierre ALVES<\/strong>, tr\u00e9sorier<\/p>\n<p><strong>Paul\u00a0CHAMBRIARD<\/strong>, secr\u00e9taire<\/p>\n<p><strong>Lorenzo FREIRE&#8211;STELLA<\/strong>, secr\u00e9taire<\/p>\n<p><strong>Mathilde LONCLE<\/strong>, vice-pr\u00e9sidente d\u00e9l\u00e9gu\u00e9e au R\u00e9seau professionnel<\/p>\n<p><strong>C\u00e9cile CLOWEZ<\/strong>, vice-pr\u00e9sidente d\u00e9l\u00e9gu\u00e9e au R\u00e9seau professionnel<\/p>\n<p><strong>Thomas AVENEL<\/strong>, vice-pr\u00e9sident\u00a0d\u00e9l\u00e9gu\u00e9\u00a0aux Formations et \u00e0 l\u2019insertion professionnelle<\/p>\n<p><strong>Tristan MARIN,\u00a0<\/strong>vice-pr\u00e9sident\u00a0d\u00e9l\u00e9gu\u00e9 \u00e0 la communication<\/p>\n<p><strong>Samuel DEVALCOURT,\u00a0<\/strong>vice-pr\u00e9sident\u00a0d\u00e9l\u00e9gu\u00e9 \u00e0 la communication<\/p>\n<p>&nbsp;<\/p>\n<p><em>Coll\u00e8ge des administrateurs \u00e9lus par les adh\u00e9rents du CNJU \u00e0 titre individuel<\/em> :<\/p>\n<p><strong>Marion LACOMBE<\/strong>,\u00a0dipl\u00f4m\u00e9e de l\u2019Institut Am\u00e9nagement Urbanisme Tourisme de\u00a0Bordeaux (Universit\u00e9 Bordeaux Montaigne)<\/p>\n<p>&nbsp;<\/p>\n<p><em>Coll\u00e8ge des administrateurs d\u00e9sign\u00e9s par les associations membres du CNJU<\/em>\u00a0:<\/p>\n<p><strong>Feres KORBI, <\/strong>d\u00e9sign\u00e9 par l&rsquo;association Assoc\u2019IATEUR \u2013\u00a0Institut d\u2019Am\u00e9nagement des Territoires, d\u2019Environnement et d\u2019Urbanisme de l\u2019Universit\u00e9 de Reims <em>(IATEUR \u2013 Universit\u00e9 de Reims Champagne-Ardenne)<\/em><\/p>\n<p><strong>Arthur LELIEPVRE<\/strong>, d\u00e9sign\u00e9 par l\u2019association Urb@hz\u00a0\u2013 Institut d\u2019Am\u00e9nagement et d\u2019Urbanisme de Rennes <em>(IAUR \u2013 Universit\u00e9 Rennes 2)<\/em><\/p>\n<p><b>Hugo HOTTIN<\/b>, d\u00e9sign\u00e9 par l\u2019association ENVAR\u00a0\u2013\u00a0Institut d\u2019Am\u00e9nagement d\u2019Urbanisme et de G\u00e9ographie de Lille <em>(IAUGL \u2013 Universit\u00e9 de Lille)<\/em><\/p>\n<p><strong>Simon LE GALLE<\/strong>\u00a0, d\u00e9sign\u00e9 par l&rsquo;association G\u00e9oarchi Carr\u00e9 \u2013\u00a0Institut de G\u00e9oarchitecture de Brest <em>(Universit\u00e9 de Bretagne occidentale)<\/em><\/p>\n<p><strong>Mila\u00a0PRADERIE<\/strong>, d\u00e9sign\u00e9e par l\u2019association Magistram \u2013\u00a0Magist\u00e8re Am\u00e9nagement et Master Urbanisme et am\u00e9nagement <em>(Universit\u00e9 Paris 1 Panth\u00e9on-Sorbonne)<\/em><\/p>\n<p><strong>Willy\u00a0BERNARD<\/strong>, d\u00e9sign\u00e9 par l\u2019association Sciences Po Urba\u00a0\u2013 Master du cycle d\u2019Urbanisme <em>(\u00c9cole urbaine de Sciences Po &#8211; Institut d\u2019\u00c9tudes Politiques de Paris)<\/em><\/p>\n<p><strong>Julien\u00a0ESTELA\u00a0<\/strong>d\u00e9sign\u00e9 par l&rsquo;association IUG Alumni \u2013\u00a0Institut d\u2019urbanisme et de g\u00e9ographie alpine <em>(IUGA &#8211; Universit\u00e9 Grenoble Alpes)<\/em><\/p>\n<p><strong>Juliette\u00a0JOUSEAU,<\/strong> d\u00e9sign\u00e9e par l\u2019association Urba &amp;\u00a0Cultures \u2013\u00a0Institut d\u2019Urbanisme de Lyon <em>(IUL \u2013 Universit\u00e9 Lumi\u00e8re Lyon 2)<\/em><\/p>\n<p><strong>Nicolas\u00a0CARLIER\u00a0<\/strong>, d\u00e9sign\u00e9 par l\u2019association Urba\u2019Voc\u00a0\u2013\u00a0Institut d\u2019Urbanisme et d\u2019Am\u00e9nagement R\u00e9gional d\u2019Aix-Marseille <em>(IUAR \u2013 Aix-Marseille Universit\u00e9)<\/em><\/p>\n<p><strong>Thierry RASOARAHONA<\/strong>, d\u00e9sign\u00e9 par l\u2019association EUP Alumni \u2013\u00a0 \u00c9cole d\u2019Urbanisme de Paris <em>(Universit\u00e9 Paris-Est Cr\u00e9teil Val de Marne \u2013 Universit\u00e9 Paris-Est Marne-la-Vall\u00e9e)<\/em><\/p>\n<p><b>Juliette\u00a0TAYEAU<\/b>, d\u00e9sign\u00e9e par l\u2019association U-Topos \u2013 Institut d\u2019am\u00e9nagement de tourisme et d\u2019urbanisme <em>(IATU- Universit\u00e9 Bordeaux Montaigne)<\/em><\/p>\n<p><strong>Tom\u00a0GOUY, <\/strong>d\u00e9sign\u00e9 par l\u2019association ANAU \u2013 Institut de G\u00e9ographie et d&rsquo;Am\u00e9nagement R\u00e9gional de l&rsquo;Universit\u00e9 de Nantes (<em>IGARUN<\/em>) et UFR Droit et Sciences Politiques <em>(Universit\u00e9 de Nantes)<\/em><strong><br \/>\n<\/strong><\/p>\n<p><strong>Axelle DEPOIGNY<\/strong>, d\u00e9sign\u00e9e par l&rsquo;association BDE EUP &#8211; \u00c9cole d&rsquo;Urbanisme de Paris (EUP)<\/p>\n<p>&nbsp;<\/p>\n<p>&nbsp;<\/p>\n<p><strong>LES COMMISSIONS<\/strong><\/p>\n<p>Dans le cadre de leurs attributions, les commissions du CNJU sont force de proposition et apportent une aide \u00e0 la d\u00e9cision au conseil d\u2019administration sur tout projet et action inscrits \u00e0 l\u2019agenda de l\u2019association. Tout membre du CNJU peut prendre part aux travaux des commissions.<\/p>\n<p><strong>La commission Formations et insertion professionnelle<\/strong><\/p>\n<p><strong><a href=\"http:\/\/www.jeunes-urbanistes.fr\/?page_id=378\">En savoir plus<\/a><\/strong><\/p>\n<p><strong>La commission R\u00e9seau professionnel<\/strong><\/p>\n<p><strong><a href=\"http:\/\/www.jeunes-urbanistes.fr\/?page_id=386\">En savoir plus<\/a><\/strong><\/p>\n<p>&nbsp;<\/p>\n<p><strong>D\u00c9L\u00c9GATION G\u00c9N\u00c9RALE<\/strong><\/p>\n<p><strong>Hugo R\u00c9VEILLAC<\/strong>\u00a0a \u00e9t\u00e9 nomm\u00e9, le\u00a021\u00a0janvier\u00a02023, d\u00e9l\u00e9gu\u00e9 g\u00e9n\u00e9ral du\u00a0CNJU\u00a0par le bureau ex\u00e9cutif de l\u2019association.<\/p>\n<p>Le d\u00e9l\u00e9gu\u00e9 g\u00e9n\u00e9ral anime et coordonne les travaux des instances nationales du CNJU (commissions) et appuie le\u00a0conseil d\u2019administration\u00a0dans ses prises de d\u00e9cision.<\/p>\n<p>&nbsp;<\/p>\n","protected":false},"excerpt":{"rendered":"<p>Les instances nationales du CNJU sont pilot\u00e9es par le conseil d&rsquo;administration. Les travaux des instances nationales s&rsquo;organisent au sein des commissions de l&rsquo;association. &nbsp; LE&#8230;<\/p>\n","protected":false},"author":1,"featured_media":0,"parent":0,"menu_order":0,"comment_status":"closed","ping_status":"closed","template":"","meta":{"jetpack_post_was_ever_published":false,"footnotes":""},"jetpack_sharing_enabled":true,"_links":{"self":[{"href":"http:\/\/www.jeunes-urbanistes.fr\/index.php?rest_route=\/wp\/v2\/pages\/3560"}],"collection":[{"href":"http:\/\/www.jeunes-urbanistes.fr\/index.php?rest_route=\/wp\/v2\/pages"}],"about":[{"href":"http:\/\/www.jeunes-urbanistes.fr\/index.php?rest_route=\/wp\/v2\/types\/page"}],"author":[{"embeddable":true,"href":"http:\/\/www.jeunes-urbanistes.fr\/index.php?rest_route=\/wp\/v2\/users\/1"}],"replies":[{"embeddable":true,"href":"http:\/\/www.jeunes-urbanistes.fr\/index.php?rest_route=%2Fwp%2Fv2%2Fcomments&post=3560"}],"version-history":[{"count":24,"href":"http:\/\/www.jeunes-urbanistes.fr\/index.php?rest_route=\/wp\/v2\/pages\/3560\/revisions"}],"predecessor-version":[{"id":4089,"href":"http:\/\/www.jeunes-urbanistes.fr\/index.php?rest_route=\/wp\/v2\/pages\/3560\/revisions\/4089"}],"wp:attachment":[{"href":"http:\/\/www.jeunes-urbanistes.fr\/index.php?rest_route=%2Fwp%2Fv2%2Fmedia&parent=3560"}],"curies":[{"name":"wp","href":"https:\/\/api.w.org\/{rel}","templated":true}]}}