{"id":9,"date":"2014-12-17T10:52:05","date_gmt":"2014-12-17T08:52:05","guid":{"rendered":"http:\/\/www.jeunes-urbanistes.fr\/?page_id=9"},"modified":"2020-05-06T23:57:05","modified_gmt":"2020-05-06T21:57:05","slug":"acces-fpt","status":"publish","type":"page","link":"http:\/\/www.jeunes-urbanistes.fr\/?page_id=9","title":{"rendered":"acc\u00e8s des urbanistes \u00e0 la fonction publique territoriale"},"content":{"rendered":"<h2>Un enjeu majeur : reconna\u00eetre les qualifications et les comp\u00e9tences sp\u00e9cifiques des urbanistes au sein des collectivit\u00e9s locales<\/h2>\n<p>Les nouveaux exercices de planification strat\u00e9gique requi\u00e8rent la mobilisation de <a href=\"http:\/\/www.jeunes-urbanistes.fr\/?page_id=37\"><strong>comp\u00e9tences<\/strong><\/a> transversales et pluridisciplinaires dans les domaines de l\u2019analyse et la prospective territoriales, de la conduite et de l\u2019animation de projets urbains et territoriaux. Ces comp\u00e9tences sont notamment acquises au sein des <strong><a href=\"http:\/\/www.jeunes-urbanistes.fr\/?page_id=41\">Instituts d\u2019urbanisme de l\u2019Enseignement sup\u00e9rieur o\u00f9 ont \u00e9t\u00e9 form\u00e9s plus de 20 000 urbanistes<\/a><\/strong>.<\/p>\n<p>Parmi ces professionnels, plus de 7 000 exercent leur m\u00e9tier au sein des collectivit\u00e9s locales en appuyant les \u00e9lus dans la d\u00e9finition des politiques publiques territoriales. <strong>Les collectivit\u00e9s territoriales et leurs groupements repr\u00e9sentent le principal employeur pour les jeunes urbanistes avec 34% des d\u00e9bouch\u00e9s professionnels<\/strong>, selon l&rsquo;enqu\u00eate conduite en 2016 par le CNJU et l&rsquo;APERAU aupr\u00e8s de 943 dipl\u00f4m\u00e9s d&rsquo;un Master en urbanisme et am\u00e9nagement du territoire\u00a0en 2013, 2014 et 2015.<\/p>\n<p>Au sein du secteur public local, il faut distinguer les diff\u00e9rents niveaux de collectivit\u00e9s locales. <b>Comp\u00e9tentes en urbanisme et am\u00e9nagement de l\u2019espace, les intercommunalit\u00e9s et leurs communes sont logiquement les principaux employeurs d\u2019urbanistes. <\/b>D\u2019apr\u00e8s cette enqu\u00eate, les \u00be des jeunes dipl\u00f4m\u00e9s occupant un emploi d\u2019urbaniste au sein d\u2019une collectivit\u00e9 locale travaillent dans les services d&rsquo;une communaut\u00e9\/m\u00e9tropole (48% des emplois offerts) ou d&rsquo;une commune (28%).<\/p>\n<p>&nbsp;<\/p>\n<p style=\"text-align: center;\"><a href=\"http:\/\/www.jeunes-urbanistes.fr\/wp-content\/uploads\/2017\/06\/repartition-emplois-publics-territoriaux-2016.jpeg\"><img loading=\"lazy\" decoding=\"async\" class=\"size-full wp-image-3431 aligncenter\" src=\"http:\/\/www.jeunes-urbanistes.fr\/wp-content\/uploads\/2017\/06\/repartition-emplois-publics-territoriaux-2016.jpeg\" alt=\"repartition-emplois-publics-territoriaux-2016\" width=\"540\" height=\"368\" srcset=\"http:\/\/www.jeunes-urbanistes.fr\/wp-content\/uploads\/2017\/06\/repartition-emplois-publics-territoriaux-2016.jpeg 540w, http:\/\/www.jeunes-urbanistes.fr\/wp-content\/uploads\/2017\/06\/repartition-emplois-publics-territoriaux-2016-300x204.jpeg 300w\" sizes=\"(max-width: 540px) 100vw, 540px\" \/><\/a><\/p>\n<p>&nbsp;<\/p>\n<p>Depuis 2009, le bon exercice de ces missions d\u2019aide \u00e0 la d\u00e9cision politique est n\u00e9anmoins remis en cause par la <strong>fermeture de l\u2019acc\u00e8s \u00e0 la sp\u00e9cialit\u00e9 \u00ab Urbanisme, am\u00e9nagement et paysages \u00bb du concours d\u2019ing\u00e9nieur de la fonction publique territoriale<\/strong>.<\/p>\n<p>En effet, l\u2019application combin\u00e9e des d\u00e9crets n\u00b0 2002-508 du 12 avril 2002 et du d\u00e9cret n\u00b0 2007-196 du 13 f\u00e9vrier 2007 (relatif aux \u00e9quivalences de dipl\u00f4mes requises pour se pr\u00e9senter aux concours d\u2019acc\u00e8s \u00e0 la fonction publique) a ferm\u00e9 l\u2019acc\u00e8s des urbanistes dipl\u00f4m\u00e9s \u00e0 la sp\u00e9cialit\u00e9 \u00ab urbanisme, am\u00e9nagement et paysages \u00bb du concours d\u2019ing\u00e9nieur territorial.<\/p>\n<p>Conscients des incidences pr\u00e9judiciables qu\u2019entra\u00eene l\u2019application de ces d\u00e9crets pour l&rsquo;organisation de la ma\u00eetrise d&rsquo;ouvrage publique de l&rsquo;urbanisme, <a href=\"http:\/\/www.jeunes-urbanistes.fr\/soutiens_politiques.htm\" target=\"_blank\"><strong>de nombreux d\u00e9cideurs, parmi lesquels 72 parlementaires et les pr\u00e9sidents des principales associations de collectivit\u00e9s locales (AMF, AdCF, ARF, AMGVF, ACUF, FNAU) avaient apport\u00e9 leur soutien<\/strong><\/a>\u00a0en 2009 et 2010 au CNJU pour demander la r\u00e9ouverture de l\u2019acc\u00e8s de ce concours aux urbanistes dipl\u00f4m\u00e9s.<\/p>\n<p><strong>Depuis 2009, les urbanistes dipl\u00f4m\u00e9s de Master sont invit\u00e9s \u00e0 se \u00ab\u00a0replier\u00a0\u00bb sur l&rsquo;option \u00ab\u00a0Urbanisme et d\u00e9veloppement des territoires\u00a0\u00bb du concours d&rsquo;attach\u00e9 territorial qui ne permet pas d&rsquo;acc\u00e9der aux m\u00eames niveaux de r\u00e9mun\u00e9ration<\/strong>.<\/p>\n<p><strong>Cons\u00e9quences<\/strong> :<\/p>\n<p>Au sein des services des collectivit\u00e9s locales, plusieurs milliers d\u2019urbanistes dipl\u00f4m\u00e9s, \u00e0 niveau \u00e9gal de qualification (grade de Master \/ Bac +5), co-exercent sous statuts diff\u00e9rents : agents de cat\u00e9gorie A (ing\u00e9nieur territorial, attach\u00e9 territorial), agents de cat\u00e9gorie B (technicien territorial, r\u00e9dacteur territorial) et contractuels.<\/p>\n<p><strong>Un rapport de novembre 2011 r\u00e9alis\u00e9 pour le compte du CNFPT a \u00ab\u00a0\u00e9pingl\u00e9\u00a0\u00bb la r\u00e9forme restreignant l&rsquo;acc\u00e8s des urbanistes dipl\u00f4m\u00e9s \u00e0 la fonction publique territoriale <\/strong>(<strong><em><a href=\"http:\/\/www.jeunes-urbanistes.fr\/?p=1847\" target=\"_blank\">voir notre analyse<\/a><\/em><\/strong>).<strong>\u00a0<\/strong><em>\u00ab\u00a0La r\u00e9forme a g\u00e9n\u00e9r\u00e9 un grand nombre de dysfonctionnements au sein des \u00e9quipes et des probl\u00e8mes de ressources humaines pour les managers\u00a0\u00bb,<\/em>\u00a0notent les auteurs du <a href=\"http:\/\/www.jeunes-urbanistes.fr\/wp-content\/uploads\/2014\/04\/ARISTAT-CNFPT-Rapport-sur-le-metier-d-urbaniste-dans-les-collectivites-territoriales-Vdef-Nov-2011.pdf\" onclick=\"__gaTracker('send', 'event', 'download', 'http:\/\/www.jeunes-urbanistes.fr\/wp-content\/uploads\/2014\/04\/ARISTAT-CNFPT-Rapport-sur-le-metier-d-urbaniste-dans-les-collectivites-territoriales-Vdef-Nov-2011.pdf');\" target=\"_blank\"><strong>rapport<\/strong><\/a>.<\/p>\n<p>Depuis pr\u00e8s d\u2019une d\u00e9cennie, la mobilisation croissante des comp\u00e9tences des urbanistes au sein des collectivit\u00e9s locales (premier employeur pour les jeunes dipl\u00f4m\u00e9s de Master avec 34% des recrutements entre 2013 et 2016) se traduit par leur embauche massive par la voie contractuelle\u00a0: selon les enqu\u00eates nationales r\u00e9alis\u00e9es entre 2010 et 2016 par le r\u00e9seau des Instituts d\u2019urbanisme, pr\u00e8s de 90% des jeunes dipl\u00f4m\u00e9s d&rsquo;un Master d&rsquo;urbanisme recrut\u00e9s par les collectivit\u00e9s locales ont sign\u00e9 un contrat \u00e0 dur\u00e9e d\u00e9termin\u00e9 (CDD). <a href=\"http:\/\/www.jeunes-urbanistes.fr\/?p=2131\" target=\"_blank\"><strong>Pour en savoir plus, voir les enqu\u00eates du CNJU<\/strong><\/a><\/p>\n<p>Cette situation rend indispensable l\u2019instauration d\u2019une voie de recrutement adapt\u00e9e pour les titulaires d\u2019un dipl\u00f4me national de Master mention urbanisme et am\u00e9nagement.<\/p>\n<p>&nbsp;<\/p>\n<h2>Acc\u00e8s des urbanistes dipl\u00f4m\u00e9s de Master \u00e0 la Fonction publique territoriale : pour un\u00a0concours sur Titre<\/h2>\n<p>En octobre 2013, <strong>le CNJU a pris acte de la d\u00e9cision du Minist\u00e8re de la Fonction publique de ne pas revenir sur les conditions d&rsquo;acc\u00e8s<\/strong> (dipl\u00f4me d&rsquo;ing\u00e9nieur ou scientifique et technique) <strong>\u00e0 la sp\u00e9cialit\u00e9\u00a0\u00ab\u00a0urbanisme, am\u00e9nagement et paysages\u00a0\u00bb du concours d&rsquo;ing\u00e9nieur territorial de la fonction publique<\/strong>.<\/p>\n<p>En 2014, le CNJU, le Syndicat des Nouveaux Urbanistes (SNU) et l\u2019association Urbanistes des Territoires (UT) ont<strong> propos\u00e9 au gouvernement une alternative<\/strong> pour garantir des conditions p\u00e9rennes d&rsquo;acc\u00e8s des urbanistes \u00e0 la Fonction publique territoriale et un cadre d&#8217;emploi adapt\u00e9 \u00e0 leur niveau de qualification (Master) : <strong>la mise en place d&rsquo;un concours sur titre accessible aux titulaires d&rsquo;un dipl\u00f4me national de Master mention Urbanisme et am\u00e9nagement.<\/strong><\/p>\n<p>Ce\u00a0mode d\u2019acc\u00e8s \u00e0 la Fonction publique est conditionn\u00e9 \u00e0 la reconnaissance d&rsquo;une certification professionnelle d&rsquo;urbaniste de r\u00e9f\u00e9rence inscrite au R\u00e9pertoire national des certifications professionnelles (RNCP). Pour les principales f\u00e9d\u00e9rations d&#8217;employeurs, il s&rsquo;agit du dipl\u00f4m\u00e9 national de Master Urbanisme am\u00e9nagement inscrit depuis 2018 au RNCP g\u00e9r\u00e9 par France Comp\u00e9tences (<em><a href=\"http:\/\/www.jeunes-urbanistes.fr\/?p=3838\"><strong>voir leur projet de plan d&rsquo;action pour la reconnaissance de la profession d&rsquo;urbaniste ici<\/strong><\/a><\/em>).<\/p>\n<p>Le CNJU plaide donc pour la cr\u00e9ation d&rsquo;un v\u00e9ritable cadre d&#8217;emploi d&rsquo;urbaniste territorial accessible aux titulaires d&rsquo;un dipl\u00f4me national de Master mention Urbanisme et am\u00e9nagement.<\/p>\n<p>De mani\u00e8re g\u00e9n\u00e9rale, <strong>la reconnaissance\u00a0dipl\u00f4me national de Master mention Urbanisme et am\u00e9nagement comme qualification professionnelle d&rsquo;urbaniste<\/strong> <strong>permet de reconna\u00eetre la sp\u00e9cificit\u00e9 des comp\u00e9tences professionnelles des urbanistes<\/strong> quel que soit leur type d&#8217;employeur (public, parapublic, priv\u00e9).<\/p>\n<p>Cette perspective\u00a0est tout \u00e0 fait pertinente au regard de la sp\u00e9cificit\u00e9 des missions que remplissent les urbanistes au sein des collectivit\u00e9s locales.<\/p>\n<p>En tout \u00e9tat de cause, si les pouvoirs publics devaient s&rsquo;engager dans des \u00e9volutions statuaires, ils leur reviendraient de d\u00e9finir les modalit\u00e9s d\u2019int\u00e9gration des urbanistes recrut\u00e9s sur titre au sein de la Fonction publique territoriale avec la cr\u00e9ation \u00e9ventuelle d&rsquo;un cadre d&#8217;emploi d&rsquo;urbaniste territorial.<\/p>\n<p>Ces propositions ont recueilli en 2016 le soutien d&rsquo;Estelle Grelier, secr\u00e9taire d\u2019\u00c9tat charg\u00e9e des collectivit\u00e9s territoriales, d&rsquo;Emmanuelle Cosse, Ministre charg\u00e9e de l&rsquo;urbanisme, et de plusieurs parlementaires de diverses sensibilit\u00e9s politiques. L&rsquo;instauration de nouveaux concours sur Titre pour les urbanistes ainsi que la suppression pure et simple des fili\u00e8res au sein de la Fonction publique territoriales sont m\u00eame pr\u00e9conis\u00e9es par l&rsquo;Association des Directeurs g\u00e9n\u00e9raux des communaut\u00e9s de France (ADGCF). <strong>En savoir plus sur <\/strong><a href=\"http:\/\/www.jeunes-urbanistes.fr\/?p=3328\"><strong>ces soutiens politiques ici<\/strong><\/a><strong> et sur <a href=\"https:\/\/www.adgcf.fr\/62-670-79-statut-fpt-les-propositions-adgcf.html\" onclick=\"__gaTracker('send', 'event', 'outbound-article', 'https:\/\/www.adgcf.fr\/62-670-79-statut-fpt-les-propositions-adgcf.html', 'les propositions de l&rsquo;ADGCF ici');\" target=\"_blank\">les propositions de l&rsquo;ADGCF ici<\/a><\/strong><\/p>\n<p>Dans un <a href=\"http:\/\/www.jeunes-urbanistes.fr\/?p=3452\"><strong>communiqu\u00e9<\/strong> <\/a>dat\u00e9 du 21 ao\u00fbt 2017, le CNJU et l&rsquo;association Urbanistes des Territoires demandent que la cr\u00e9ation d\u2019un cadre d\u2019emploi d\u2019urbaniste territorial, accessible via un concours ouvert aux titulaires du Titre professionnel d\u2019urbaniste, soit mise \u00e0 l\u2019agenda en concertation \u00e9troite avec le conseil sup\u00e9rieur de la fonction publique territoriale (CSFPT) et les associations de collectivit\u00e9s locales comp\u00e9tentes en urbanisme.<\/p>\n<p>&nbsp;<\/p>\n<p><strong><a href=\"http:\/\/www.jeunes-urbanistes.fr\/wp-content\/uploads\/2017\/11\/2017-11-CNJU-UT-DARMANIN.pdf\" onclick=\"__gaTracker('send', 'event', 'download', 'http:\/\/www.jeunes-urbanistes.fr\/wp-content\/uploads\/2017\/11\/2017-11-CNJU-UT-DARMANIN.pdf');\" target=\"_blank\">Courrier de la pr\u00e9sidente du CNJU adress\u00e9 \u00e0 G\u00e9rald Darmanin, Ministre de l&rsquo;Action et des Comptes publics, 26 octobre 2017<\/a><br \/>\n<\/strong><\/p>\n<p><a href=\"http:\/\/www.jeunes-urbanistes.fr\/wp-content\/uploads\/2017\/11\/2017-11-CNJU-UT-GOURAULT.pdf\" onclick=\"__gaTracker('send', 'event', 'download', 'http:\/\/www.jeunes-urbanistes.fr\/wp-content\/uploads\/2017\/11\/2017-11-CNJU-UT-GOURAULT.pdf');\" target=\"_blank\"><strong>Courrier de la pr\u00e9sidente du CNJU adress\u00e9 \u00e0 Jacqueline Gourault, Ministre aupr\u00e8s du Ministre d\u2019\u00c9tat, Ministre de l&rsquo;Int\u00e9rieur, 26 octobre 2017<\/strong><\/a><\/p>\n<p><a href=\"http:\/\/www.jeunes-urbanistes.fr\/wp-content\/uploads\/2017\/05\/Courrier-Ministre-Emmanuelle-COSSE-a-Carole-ROPARS-presidente-CNJU-04_05_2017.pdf\" onclick=\"__gaTracker('send', 'event', 'download', 'http:\/\/www.jeunes-urbanistes.fr\/wp-content\/uploads\/2017\/05\/Courrier-Ministre-Emmanuelle-COSSE-a-Carole-ROPARS-presidente-CNJU-04_05_2017.pdf');\" target=\"_blank\"><strong>Courrier d&rsquo;Emmanuelle Cosse adress\u00e9 \u00e0 Carole Ropars, pr\u00e9sidente du CNJU, 4 mai 2017<\/strong><\/a><\/p>\n<p><strong><a href=\"http:\/\/www.jeunes-urbanistes.fr\/wp-content\/uploads\/2016\/11\/Correspondance-Estelle-Grelier-Pdte-CNJU-Carole-Ropars_160713-web.pdf\" onclick=\"__gaTracker('send', 'event', 'download', 'http:\/\/www.jeunes-urbanistes.fr\/wp-content\/uploads\/2016\/11\/Correspondance-Estelle-Grelier-Pdte-CNJU-Carole-Ropars_160713-web.pdf');\">Courrier d&rsquo;Estelle Grelier adress\u00e9 \u00e0 Carole Ropars, pr\u00e9sidente du CNJU, 21 juin 2016<\/a><\/strong><\/p>\n<p><strong><a href=\"http:\/\/www.jeunes-urbanistes.fr\/?p=3305\">Juin 2016 : Pour la premi\u00e8re fois, un membre du gouvernement souligne que les conditions d\u2019acc\u00e8s des urbanistes dipl\u00f4m\u00e9s \u00e0 la fonction publique territoriale ne sont pas satisfaisantes et appelle \u00e0 une meilleure mobilisation de leurs comp\u00e9tences professionnelles.<\/a><\/strong><\/p>\n<p><strong><a href=\"http:\/\/www.jeunes-urbanistes.fr\/wp-content\/uploads\/2015\/06\/Courrier-VALLS-CNJU-UT-acces-urbanistes-FPT-5mai2015.pdf\" onclick=\"__gaTracker('send', 'event', 'download', 'http:\/\/www.jeunes-urbanistes.fr\/wp-content\/uploads\/2015\/06\/Courrier-VALLS-CNJU-UT-acces-urbanistes-FPT-5mai2015.pdf');\">Courrier adress\u00e9 au Premier ministre, Manuel Valls, par les pr\u00e9sidents du CNJU et d\u2019UT, 5 mai 2015<\/a><\/strong><\/p>\n<p><strong><a href=\"http:\/\/www.jeunes-urbanistes.fr\/wp-content\/uploads\/2015\/03\/Courrier-LEBRANCHU-CNJU-UT_280215-scan-HD-web.pdf\" onclick=\"__gaTracker('send', 'event', 'download', 'http:\/\/www.jeunes-urbanistes.fr\/wp-content\/uploads\/2015\/03\/Courrier-LEBRANCHU-CNJU-UT_280215-scan-HD-web.pdf');\">Courrier du CNJU et de l\u2019association Urbanistes des Territoires (UT) \u00e0 Marylise Lebranchu, Ministre de la D\u00e9centralisation et de la Fonction publique, mars 2015<\/a><\/strong><\/p>\n<p>&nbsp;<\/p>\n<h2><strong>Documents de r\u00e9f\u00e9rence :\u00a0<\/strong><\/h2>\n<ul>\n<li><a href=\"http:\/\/www.jeunes-urbanistes.fr\/wp-content\/uploads\/2014\/09\/Note-position-CNJU-UT-SNU-Acces-FPT-Validee_24092014.pdf\" onclick=\"__gaTracker('send', 'event', 'download', 'http:\/\/www.jeunes-urbanistes.fr\/wp-content\/uploads\/2014\/09\/Note-position-CNJU-UT-SNU-Acces-FPT-Validee_24092014.pdf');\" target=\"_blank\"><strong>Pour de nouvelles conditions d&rsquo;acc\u00e8s des urbanistes \u00e0 la Fonction publique territoriale, propositions d&rsquo;UT, du SNU et du CNJU au Gouvernement, septembre 2014<\/strong><\/a><\/li>\n<\/ul>\n<ul>\n<li><a href=\"http:\/\/www.lagazettedescommunes.com\/265234\/urbanistes-une-enquete-confirme-un-recrutement-a-deux-vitesses\/\" onclick=\"__gaTracker('send', 'event', 'outbound-article', 'http:\/\/www.lagazettedescommunes.com\/265234\/urbanistes-une-enquete-confirme-un-recrutement-a-deux-vitesses\/', '\u00ab Urbanistes : une enqu\u00eate confirme un recrutement \u00e0 deux vitesses \u00bb, La Gazette des Communes, 11 septembre 2014');\" target=\"_blank\"><strong>\u00ab Urbanistes : une enqu\u00eate confirme un recrutement \u00e0 deux vitesses \u00bb, <em>La Gazette des Communes<\/em>, 11 septembre 2014<\/strong><\/a><\/li>\n<\/ul>\n<p><em>Une \u00e9tude in\u00e9dite du Collectif national des jeunes urbanistes (CNJU), publi\u00e9e en exclusivit\u00e9 sur le site Internet de La Gazette des Communes, montre, \u00e0 partir de donn\u00e9es collect\u00e9es aupr\u00e8s des centres de gestion et de la FNCDG, \u00e0 quel point les difficult\u00e9s d&rsquo;acc\u00e8s \u00e0 l&#8217;emploi sont grandes pour les urbanistes, depuis que la sp\u00e9cialit\u00e9 \u00ab\u00a0urbanisme, am\u00e9nagement et paysage\u00a0\u00bb du concours d&rsquo;ing\u00e9nieur leur a \u00e9t\u00e9 ferm\u00e9e.<\/em>\u00a0<a href=\"http:\/\/www.lagazettedescommunes.com\/265234\/urbanistes-une-enquete-confirme-un-recrutement-a-deux-vitesses\/\" onclick=\"__gaTracker('send', 'event', 'outbound-article', 'http:\/\/www.lagazettedescommunes.com\/265234\/urbanistes-une-enquete-confirme-un-recrutement-a-deux-vitesses\/', 'Voir l&rsquo;article de La Gazette des Communes et la note du CNJU en libre t\u00e9l\u00e9chargement.');\" target=\"_blank\"><strong>Voir l&rsquo;article de <em>La Gazette des Communes<\/em> et la note du CNJU en libre t\u00e9l\u00e9chargement.<\/strong><\/a><\/p>\n<ul>\n<li><strong><a href=\"http:\/\/www.jeunes-urbanistes.fr\/?page_id=540\">Lettre ouverte du CNJU adress\u00e9e au Gouvernement, septembre 2009, sign\u00e9e par 72 parlementaires <\/a>\u00a0\u00a0<\/strong><\/li>\n<\/ul>\n<ul>\n<li><a href=\"http:\/\/www.jeunes-urbanistes.fr\/wp-content\/uploads\/2014\/10\/Reponse_MLebranchu_JP-SUEUR-CNJU-25092014.pdf\" onclick=\"__gaTracker('send', 'event', 'download', 'http:\/\/www.jeunes-urbanistes.fr\/wp-content\/uploads\/2014\/10\/Reponse_MLebranchu_JP-SUEUR-CNJU-25092014.pdf');\" target=\"_blank\"><strong>R\u00e9ponse de la Ministre de la Fonction publique, de la d\u00e9centralisation, Marylise Lebranchu, adress\u00e9e le 25 septembre 2014 \u00e0 Jean-Pierre Sueur, s\u00e9nateur du Loiret, pr\u00e9sident de la commission des Lois, transmise au pr\u00e9sident du CNJU, Fran\u00e7ois Favard<\/strong><\/a><\/li>\n<\/ul>\n<ul>\n<li><strong><a href=\"http:\/\/www.jeunes-urbanistes.fr\/wp-content\/uploads\/2014\/04\/Courrier_Reponse_Concours_ingenieur_territorial_Marylise_LEBRANCHU_a_Pierre_Jarlier_18juillet2013.pdf\" onclick=\"__gaTracker('send', 'event', 'download', 'http:\/\/www.jeunes-urbanistes.fr\/wp-content\/uploads\/2014\/04\/Courrier_Reponse_Concours_ingenieur_territorial_Marylise_LEBRANCHU_a_Pierre_Jarlier_18juillet2013.pdf');\" target=\"_blank\">R\u00e9ponse de la Ministre de la Fonction publique, de la d\u00e9centralisation, Marylise Lebranchu, adress\u00e9e le 18 juin 2013 \u00e0 Pierre Jarlier, s\u00e9nateur du Cantal, pr\u00e9sident de la commission Urbanisme de l\u2019Association des Maires de France (AMF), transmise au pr\u00e9sident du CNJU, Fran\u00e7ois Favard<\/a><\/strong><\/li>\n<\/ul>\n<ul>\n<li><a href=\"http:\/\/www.jeunes-urbanistes.fr\/wp-content\/uploads\/2016\/11\/Courrier-CNJU-UT-Ropars-Lensel-GIRARDIN-MinFP-14092016-web.pdf\" onclick=\"__gaTracker('send', 'event', 'download', 'http:\/\/www.jeunes-urbanistes.fr\/wp-content\/uploads\/2016\/11\/Courrier-CNJU-UT-Ropars-Lensel-GIRARDIN-MinFP-14092016-web.pdf');\"><strong>Courrier adress\u00e9 par le CNJU et UT \u00e0 Annick Girardin, Ministre de la Fonction publique le 14 septembre 2016<\/strong><\/a><\/li>\n<\/ul>\n<ul>\n<li><strong><a href=\"http:\/\/www.jeunes-urbanistes.fr\/wp-content\/uploads\/2014\/04\/Courrier-CNJU-HIRIART_FNCDG-2014-008_17mars2014.pdf\" onclick=\"__gaTracker('send', 'event', 'download', 'http:\/\/www.jeunes-urbanistes.fr\/wp-content\/uploads\/2014\/04\/Courrier-CNJU-HIRIART_FNCDG-2014-008_17mars2014.pdf');\" target=\"_blank\">Courrier du pr\u00e9sident du CNJU au pr\u00e9sident de la\u00a0F\u00e9d\u00e9ration nationale des centres de gestion (FNCDG), Michel Hiriart, 17 mars 2014<\/a><\/strong><\/li>\n<\/ul>\n<ul>\n<li><strong><a href=\"http:\/\/www.jeunes-urbanistes.fr\/wp-content\/uploads\/2012\/12\/Courrier_CNJU_Marylise_Lebranchu.pdf\" onclick=\"__gaTracker('send', 'event', 'download', 'http:\/\/www.jeunes-urbanistes.fr\/wp-content\/uploads\/2012\/12\/Courrier_CNJU_Marylise_Lebranchu.pdf');\" target=\"_blank\">Courrier du pr\u00e9sident du CNJU adress\u00e9 \u00e0 Marylise Lebranchu, Ministre de la Fonction publique, de la d\u00e9centralisation et de la r\u00e9forme de l&rsquo;Etat, \u00a09 juillet 2012<\/a><\/strong><\/li>\n<\/ul>\n<ul>\n<li><a href=\"http:\/\/www.jeunes-urbanistes.fr\/wp-content\/uploads\/2014\/04\/Les_Urbanistes_dans_les_regimes_statutaires_de_la-_FPT_retrospective_Pierre_Melinand_juin2010.pdf\" onclick=\"__gaTracker('send', 'event', 'download', 'http:\/\/www.jeunes-urbanistes.fr\/wp-content\/uploads\/2014\/04\/Les_Urbanistes_dans_les_regimes_statutaires_de_la-_FPT_retrospective_Pierre_Melinand_juin2010.pdf');\" target=\"_blank\"><strong><em>Les urbanistes dans les r\u00e9gimes statutaires de la fonction publique territoriale. De la pr\u00e9figuration d\u2019un cadre d\u2019emplois\u00a0\u00e0 \u00ab l\u2019\u00e9puration technique \u00bb<\/em>, note r\u00e9trospective de Pierre M\u00e9linand,\u00a0Ing\u00e9nieur en chef honoraire de la Fonction Publique Territoriale, Membre fondateur de l\u2019APUCT \/ Urbanistes des territoires et membre du CNJU, juin 2010<\/strong><\/a><\/li>\n<\/ul>\n<ul>\n<li><strong><a href=\"http:\/\/www.jeunes-urbanistes.fr\/wp-content\/uploads\/2014\/04\/ARISTAT-CNFPT-Rapport-sur-le-metier-d-urbaniste-dans-les-collectivites-territoriales-Vdef-Nov-2011.pdf\" onclick=\"__gaTracker('send', 'event', 'download', 'http:\/\/www.jeunes-urbanistes.fr\/wp-content\/uploads\/2014\/04\/ARISTAT-CNFPT-Rapport-sur-le-metier-d-urbaniste-dans-les-collectivites-territoriales-Vdef-Nov-2011.pdf');\" target=\"_blank\">Comp\u00e9tences et activit\u00e9s des urbanistes dans les collectivit\u00e9s territoriales, Portrait(s) d\u2019un m\u00e9tier en \u00e9volution, rapport du cabinet ARISTAT pour le Centre National de la Fonction Publique Territoriale (CNFPT), novembre 2011<\/a><\/strong><\/li>\n<\/ul>\n<ul>\n<li><strong>\u00catre urbaniste dans la fonction publique territoriale : trois emplois types selon le r\u00e9pertoire des m\u00e9tiers du CNFPT<\/strong>\n<ul>\n<li><strong><a href=\"http:\/\/www.jeunes-urbanistes.fr\/wp-content\/uploads\/2014\/04\/directeur-urbanisme.pdf\" onclick=\"__gaTracker('send', 'event', 'download', 'http:\/\/www.jeunes-urbanistes.fr\/wp-content\/uploads\/2014\/04\/directeur-urbanisme.pdf');\" target=\"_blank\">DIRECTEUR de l&rsquo;URBANISME et de l\u2019AM\u00c9NAGEMENT, \u00ab\u00a0Fiche m\u00e9tier\u00a0\u00bb du CNFPT, ao\u00fbt 2012\u00a0<\/a><\/strong><\/li>\n<li><strong><a href=\"http:\/\/www.jeunes-urbanistes.fr\/wp-content\/uploads\/2014\/04\/chef-de-projet.pdf\" onclick=\"__gaTracker('send', 'event', 'download', 'http:\/\/www.jeunes-urbanistes.fr\/wp-content\/uploads\/2014\/04\/chef-de-projet.pdf');\" target=\"_blank\">CHEF DE PROJET URBANISME et AM\u00c9NAGEMENT, \u00ab\u00a0Fiche m\u00e9tier\u00a0\u00bb du CNFPT, ao\u00fbt 2012<\/a><\/strong><\/li>\n<li><a href=\"http:\/\/www.jeunes-urbanistes.fr\/wp-content\/uploads\/2014\/04\/instructeur.pdf\" onclick=\"__gaTracker('send', 'event', 'download', 'http:\/\/www.jeunes-urbanistes.fr\/wp-content\/uploads\/2014\/04\/instructeur.pdf');\" target=\"_blank\"><strong>INSTRUCTEUR DES AUTORISATIONS D&rsquo;URBANISME, \u00ab\u00a0Fiche m\u00e9tier\u00a0\u00bb du CNFPT,\u00a0ao\u00fbt\u00a02012<\/strong><\/a><\/li>\n<\/ul>\n<\/li>\n<\/ul>\n","protected":false},"excerpt":{"rendered":"<p>Un enjeu majeur : reconna\u00eetre les qualifications et les comp\u00e9tences sp\u00e9cifiques des urbanistes au sein des collectivit\u00e9s locales Les nouveaux exercices de planification strat\u00e9gique requi\u00e8rent&#8230;<\/p>\n","protected":false},"author":1,"featured_media":0,"parent":0,"menu_order":3,"comment_status":"closed","ping_status":"closed","template":"","meta":{"jetpack_post_was_ever_published":false,"footnotes":""},"jetpack_sharing_enabled":true,"_links":{"self":[{"href":"http:\/\/www.jeunes-urbanistes.fr\/index.php?rest_route=\/wp\/v2\/pages\/9"}],"collection":[{"href":"http:\/\/www.jeunes-urbanistes.fr\/index.php?rest_route=\/wp\/v2\/pages"}],"about":[{"href":"http:\/\/www.jeunes-urbanistes.fr\/index.php?rest_route=\/wp\/v2\/types\/page"}],"author":[{"embeddable":true,"href":"http:\/\/www.jeunes-urbanistes.fr\/index.php?rest_route=\/wp\/v2\/users\/1"}],"replies":[{"embeddable":true,"href":"http:\/\/www.jeunes-urbanistes.fr\/index.php?rest_route=%2Fwp%2Fv2%2Fcomments&post=9"}],"version-history":[{"count":70,"href":"http:\/\/www.jeunes-urbanistes.fr\/index.php?rest_route=\/wp\/v2\/pages\/9\/revisions"}],"predecessor-version":[{"id":3924,"href":"http:\/\/www.jeunes-urbanistes.fr\/index.php?rest_route=\/wp\/v2\/pages\/9\/revisions\/3924"}],"wp:attachment":[{"href":"http:\/\/www.jeunes-urbanistes.fr\/index.php?rest_route=%2Fwp%2Fv2%2Fmedia&parent=9"}],"curies":[{"name":"wp","href":"https:\/\/api.w.org\/{rel}","templated":true}]}}